{"id":383,"date":"2019-02-14T19:04:16","date_gmt":"2019-02-14T19:04:16","guid":{"rendered":"http:\/\/intra.ucf.edu.cu\/?page_id=383"},"modified":"2026-04-06T18:51:49","modified_gmt":"2026-04-06T18:51:49","slug":"consejo-direccion","status":"publish","type":"page","link":"https:\/\/www.ucf.edu.cu\/?page_id=383","title":{"rendered":"Consejo de Direcci\u00f3n"},"content":{"rendered":"\t\t<div data-elementor-type=\"wp-page\" data-elementor-id=\"383\" class=\"elementor elementor-383\">\n\t\t\t\t\t\t<section class=\"elementor-section elementor-top-section elementor-element elementor-element-18bafe6 elementor-section-boxed elementor-section-height-default elementor-section-height-default\" data-id=\"18bafe6\" data-element_type=\"section\" data-e-type=\"section\">\n\t\t\t\t\t\t<div class=\"elementor-container elementor-column-gap-default\">\n\t\t\t\t\t<div class=\"elementor-column elementor-col-33 elementor-top-column elementor-element elementor-element-fa6105a\" data-id=\"fa6105a\" data-element_type=\"column\" data-e-type=\"column\">\n\t\t\t<div class=\"elementor-widget-wrap elementor-element-populated\">\n\t\t\t\t\t\t<div class=\"elementor-element elementor-element-53ec2a2 elementor-widget elementor-widget-spacer\" data-id=\"53ec2a2\" data-element_type=\"widget\" data-e-type=\"widget\" data-widget_type=\"spacer.default\">\n\t\t\t\t<div class=\"elementor-widget-container\">\n\t\t\t\t\t\t\t<div class=\"elementor-spacer\">\n\t\t\t<div class=\"elementor-spacer-inner\"><\/div>\n\t\t<\/div>\n\t\t\t\t\t\t<\/div>\n\t\t\t\t<\/div>\n\t\t\t\t<div class=\"elementor-element elementor-element-9dc9d1b elementor-widget elementor-widget-text-editor\" data-id=\"9dc9d1b\" data-element_type=\"widget\" data-e-type=\"widget\" data-widget_type=\"text-editor.default\">\n\t\t\t\t<div class=\"elementor-widget-container\">\n\t\t\t\t\t\t\t\t\t<p style=\"margin: 0cm 0cm 0.0001pt; background-image: initial; background-position: initial; background-size: initial; background-repeat: initial; background-attachment: initial; background-origin: initial; background-clip: initial; text-align: center;\" align=\"center\"><img decoding=\"async\" class=\"alignnone wp-image-14312\" src=\"https:\/\/intranet.ucf.edu.cu\/wp-content\/uploads\/2023\/03\/Consejo-cientifico-14-300x300.png\" alt=\"\" width=\"95\" height=\"95\" data-wp-editing=\"1\" \/><\/p><p style=\"margin: 0cm 0cm 0.0001pt; background-image: initial; background-position: initial; background-size: initial; background-repeat: initial; background-attachment: initial; background-origin: initial; background-clip: initial; text-align: center;\" align=\"center\"><strong><span style=\"font-size: 10.5pt; font-family: Helvetica, sans-serif; color: #333333;\">Vicerrector<\/span><\/strong><span style=\"font-size: 10.5pt; font-family: Helvetica, sans-serif; color: #333333;\"><br \/><\/span><\/p><p style=\"margin: 0cm 0cm 0.0001pt; background-image: initial; background-position: initial; background-size: initial; background-repeat: initial; background-attachment: initial; background-origin: initial; background-clip: initial; text-align: center;\" align=\"center\"><span style=\"font-size: 10.5pt; font-family: Helvetica, sans-serif; color: #333333;\">Dr. C. Eduardo P\u00e9rez Novo<br \/><\/span><\/p><p style=\"margin: 0cm 0cm 0.0001pt; background-image: initial; background-position: initial; background-size: initial; background-repeat: initial; background-attachment: initial; background-origin: initial; background-clip: initial; text-align: center;\" align=\"center\"><a href=\"https:\/\/intranet.ucf.edu.cu\/eperez@ucf.edu.cu\">eperez@ucf.edu.cu<\/a><\/p>\t\t\t\t\t\t\t\t<\/div>\n\t\t\t\t<\/div>\n\t\t\t\t<div class=\"elementor-element elementor-element-97e366c elementor-widget elementor-widget-text-editor\" data-id=\"97e366c\" data-element_type=\"widget\" data-e-type=\"widget\" data-widget_type=\"text-editor.default\">\n\t\t\t\t<div class=\"elementor-widget-container\">\n\t\t\t\t\t\t\t\t\t<p style=\"margin: 0cm 0cm 0.0001pt; background-image: initial; background-position: initial; background-size: initial; background-repeat: initial; background-attachment: initial; background-origin: initial; background-clip: initial; text-align: center;\" align=\"center\"><strong><span style=\"font-size: 10.5pt; font-family: Helvetica, sans-serif; color: #333333;\"><img decoding=\"async\" class=\"alignnone wp-image-16872\" src=\"https:\/\/www.ucf.edu.cu\/wp-content\/uploads\/2024\/03\/Plantilla.-Fotos-de-personas-para-la-WEB.Ivis_.png\" alt=\"\" width=\"95\" height=\"86\" \/><\/span><\/strong><strong><span style=\"font-size: 10.5pt; font-family: Helvetica, sans-serif; color: #333333;\"><br \/><\/span><\/strong><\/p><p style=\"margin: 0cm 0cm 0.0001pt; background-image: initial; background-position: initial; background-size: initial; background-repeat: initial; background-attachment: initial; background-origin: initial; background-clip: initial; text-align: center;\" align=\"center\"><strong><span style=\"font-size: 10.5pt; font-family: Helvetica, sans-serif; color: #333333;\">Director General<\/span><\/strong><span style=\"font-size: 10.5pt; font-family: Helvetica, sans-serif; color: #333333;\"><br \/><\/span><\/p><p style=\"margin: 0cm 0cm 0.0001pt; background-image: initial; background-position: initial; background-size: initial; background-repeat: initial; background-attachment: initial; background-origin: initial; background-clip: initial; text-align: center;\" align=\"center\"><span style=\"font-size: 10.5pt; font-family: Helvetica, sans-serif; color: #333333;\">MSc. Ivis Suar\u00e9z V\u00e9lezs<br \/><\/span><\/p><p style=\"margin: 0cm 0cm 0.0001pt; background-image: initial; background-position: initial; background-size: initial; background-repeat: initial; background-attachment: initial; background-origin: initial; background-clip: initial; text-align: center;\" align=\"center\"><a href=\"mailto:ivelez@ucf.edu.cu\"><span style=\"font-size: 10.5pt; font-family: Helvetica, sans-serif; color: #008ed3;\">ivelez@ucf.edu.cu<\/span><\/a><\/p>\t\t\t\t\t\t\t\t<\/div>\n\t\t\t\t<\/div>\n\t\t\t\t<div class=\"elementor-element elementor-element-b8376d0 elementor-widget elementor-widget-text-editor\" data-id=\"b8376d0\" data-element_type=\"widget\" data-e-type=\"widget\" data-widget_type=\"text-editor.default\">\n\t\t\t\t<div class=\"elementor-widget-container\">\n\t\t\t\t\t\t\t\t\t<p style=\"margin: 0cm 0cm 0.0001pt; color: #000000; text-align: center; background-image: initial; background-position: initial; background-size: initial; background-repeat: initial; background-attachment: initial; background-origin: initial; background-clip: initial;\" align=\"center\"><strong><span style=\"font-size: 10.5pt; font-family: Helvetica, sans-serif; color: #333333;\"><img decoding=\"async\" class=\"alignnone wp-image-14358\" src=\"https:\/\/intranet.ucf.edu.cu\/wp-content\/uploads\/2023\/03\/Consejo-Cientifico.-Foto-de-perfil-xx2-300x300.png\" alt=\"\" width=\"95\" height=\"95\" \/><\/span><\/strong><\/p><p style=\"margin: 0cm 0cm 0.0001pt; color: #000000; text-align: center; background-image: initial; background-position: initial; background-size: initial; background-repeat: initial; background-attachment: initial; background-origin: initial; background-clip: initial;\" align=\"center\"><strong><span style=\"font-size: 10.5pt; font-family: Helvetica, sans-serif; color: #333333;\">Secretario General<\/span><\/strong><\/p><p style=\"margin: 0cm 0cm 0.0001pt; color: #000000; text-align: center; background-image: initial; background-position: initial; background-size: initial; background-repeat: initial; background-attachment: initial; background-origin: initial; background-clip: initial;\" align=\"center\">Dr. C. Gladys E. Capote Le\u00f3n<\/p><p style=\"color: #000000; text-align: center;\"><a href=\"mailto:gcapote@ucf.edu.cu\"><span style=\"font-size: 10.5pt; font-family: Helvetica, sans-serif; color: #008ed3;\">gcapote@ucf.edu.cu<\/span><\/a><\/p>\t\t\t\t\t\t\t\t<\/div>\n\t\t\t\t<\/div>\n\t\t\t\t<div class=\"elementor-element elementor-element-f0e0a88 elementor-widget elementor-widget-text-editor\" data-id=\"f0e0a88\" data-element_type=\"widget\" data-e-type=\"widget\" data-widget_type=\"text-editor.default\">\n\t\t\t\t<div class=\"elementor-widget-container\">\n\t\t\t\t\t\t\t\t\t<p style=\"margin: 0cm 0cm 0.0001pt; color: #000000; text-align: center; background-image: initial; background-position: initial; background-size: initial; background-repeat: initial; background-attachment: initial; background-origin: initial; background-clip: initial;\" align=\"center\"><strong><span style=\"font-size: 10.5pt; font-family: Helvetica, sans-serif; color: #333333;\"><img loading=\"lazy\" decoding=\"async\" class=\"alignnone wp-image-14362\" src=\"https:\/\/intranet.ucf.edu.cu\/wp-content\/uploads\/2023\/03\/Consejo-Cientifico.-Foto-de-perfil-xx4-300x300.png\" alt=\"\" width=\"95\" height=\"95\" \/><\/span><\/strong><\/p><p style=\"margin: 0cm 0cm 0.0001pt; color: #000000; text-align: center; background-image: initial; background-position: initial; background-size: initial; background-repeat: initial; background-attachment: initial; background-origin: initial; background-clip: initial;\" align=\"center\"><strong>Director de Formaci\u00f3n<\/strong><\/p><p style=\"color: #000000; text-align: center;\"><span style=\"font-size: 10.5pt; font-family: Helvetica, sans-serif; color: #333333;\">Dr. C. Aim\u00e9 Tania Ramos Reyes \u00a0\u00a0<\/span><a href=\"mailto:atramos@ucf.edu.cu\">atramos@ucf.edu.cu<\/a><\/p>\t\t\t\t\t\t\t\t<\/div>\n\t\t\t\t<\/div>\n\t\t\t\t<div class=\"elementor-element elementor-element-cfa1bce elementor-widget elementor-widget-text-editor\" data-id=\"cfa1bce\" data-element_type=\"widget\" data-e-type=\"widget\" data-widget_type=\"text-editor.default\">\n\t\t\t\t<div class=\"elementor-widget-container\">\n\t\t\t\t\t\t\t\t\t<p style=\"margin: 0cm 0cm 0.0001pt; background-image: initial; background-position: initial; background-size: initial; background-repeat: initial; background-attachment: initial; background-origin: initial; background-clip: initial; text-align: center;\" align=\"center\"><strong><span style=\"font-size: 10.5pt; font-family: Helvetica, sans-serif; color: #333333;\"><img loading=\"lazy\" decoding=\"async\" class=\"alignnone wp-image-14308\" src=\"https:\/\/intranet.ucf.edu.cu\/wp-content\/uploads\/2023\/03\/Consejo-Cientifico-10.gif\" alt=\"\" width=\"95\" height=\"94\" \/><\/span><\/strong><\/p><p style=\"margin: 0cm 0cm 0.0001pt; background-image: initial; background-position: initial; background-size: initial; background-repeat: initial; background-attachment: initial; background-origin: initial; background-clip: initial; text-align: center;\" align=\"center\"><strong><span style=\"font-size: 10.5pt; font-family: Helvetica, sans-serif; color: #333333;\">Director de Internacionalizaci\u00f3n<\/span><\/strong><span style=\"font-size: 10.5pt; font-family: Helvetica, sans-serif; color: #333333;\"><br \/><\/span><\/p><p style=\"margin: 0cm 0cm 0.0001pt; color: #000000; text-align: center; background-image: initial; background-position: initial; background-size: initial; background-repeat: initial; background-attachment: initial; background-origin: initial; background-clip: initial;\" align=\"center\"><span style=\"font-size: 10.5pt; font-family: Helvetica, sans-serif; color: #333333;\">Dr. C. Adrian Abreus\u00a0<\/span>Gonz\u00e1lez<\/p><p style=\"color: #000000; text-align: center;\"><a href=\"mailto:aabreus@ucf.edu.cu\">aabreus@ucf.edu.cu<\/a><\/p>\t\t\t\t\t\t\t\t<\/div>\n\t\t\t\t<\/div>\n\t\t\t\t<div class=\"elementor-element elementor-element-cd0925a elementor-widget elementor-widget-text-editor\" data-id=\"cd0925a\" data-element_type=\"widget\" data-e-type=\"widget\" data-widget_type=\"text-editor.default\">\n\t\t\t\t<div class=\"elementor-widget-container\">\n\t\t\t\t\t\t\t\t\t<h6 style=\"margin: 0cm 0cm 0.0001pt; background-image: initial; background-position: initial; background-size: initial; background-repeat: initial; background-attachment: initial; background-origin: initial; background-clip: initial; text-align: center;\" align=\"center\"><img loading=\"lazy\" decoding=\"async\" class=\"alignnone wp-image-856\" src=\"https:\/\/intranet.ucf.edu.cu\/wp-content\/uploads\/2019\/03\/DecanoCF.png\" alt=\"\" width=\"95\" height=\"92\" \/><strong><span style=\"font-size: 10.5pt; font-family: Helvetica, sans-serif; color: #333333;\"><br \/><\/span><\/strong><\/h6><p style=\"margin: 0cm 0cm 0.0001pt; background-image: initial; background-position: initial; background-size: initial; background-repeat: initial; background-attachment: initial; background-origin: initial; background-clip: initial; text-align: center;\" align=\"center\"><strong><span style=\"font-size: 10.5pt; font-family: Helvetica, sans-serif; color: #333333;\">Decano Facultad de Ciencias\u00a0 de la Cultura F\u00edsica y el Deporte<\/span><\/strong><span style=\"font-size: 10.5pt; font-family: Helvetica, sans-serif; color: #333333;\"><br \/><\/span><\/p><p style=\"margin: 0cm 0cm 0.0001pt; background-image: initial; background-position: initial; background-size: initial; background-repeat: initial; background-attachment: initial; background-origin: initial; background-clip: initial; text-align: center;\" align=\"center\"><span style=\"font-size: 10.5pt; font-family: Helvetica, sans-serif; color: #333333;\">Dr. C. Alexis Stuart Rivero<\/span><\/p><p style=\"margin: 0cm 0cm 0.0001pt; background-image: initial; background-position: initial; background-size: initial; background-repeat: initial; background-attachment: initial; background-origin: initial; background-clip: initial; text-align: center;\" align=\"center\"><a href=\"mailto:astuart@ucf.edu.cu\">astuart@ucf.edu.cu<\/a><\/p>\t\t\t\t\t\t\t\t<\/div>\n\t\t\t\t<\/div>\n\t\t\t\t<div class=\"elementor-element elementor-element-94a75b3 elementor-widget elementor-widget-text-editor\" data-id=\"94a75b3\" data-element_type=\"widget\" data-e-type=\"widget\" data-widget_type=\"text-editor.default\">\n\t\t\t\t<div class=\"elementor-widget-container\">\n\t\t\t\t\t\t\t\t\t<p style=\"margin: 0cm 0cm 0.0001pt; background-image: initial; background-position: initial; background-size: initial; background-repeat: initial; background-attachment: initial; background-origin: initial; background-clip: initial; text-align: center;\" align=\"center\"><strong><span style=\"font-size: 10.5pt; font-family: Helvetica, sans-serif; color: #333333;\"><img loading=\"lazy\" decoding=\"async\" class=\"alignnone wp-image-17837\" src=\"https:\/\/intranet.ucf.edu.cu\/wp-content\/uploads\/2023\/10\/Norma-300x300.png\" alt=\"\" width=\"95\" height=\"95\" \/><\/span><\/strong><\/p><p style=\"margin: 0cm 0cm 0.0001pt; background-image: initial; background-position: initial; background-size: initial; background-repeat: initial; background-attachment: initial; background-origin: initial; background-clip: initial; text-align: center;\" align=\"center\"><strong><span style=\"font-size: 10.5pt; font-family: Helvetica, sans-serif; color: #333333;\">Decano Facultad de Ciencias Agrarias<\/span><\/strong><span style=\"font-size: 10.5pt; font-family: Helvetica, sans-serif; color: #333333;\"><br \/><\/span><\/p><p style=\"margin: 0cm 0cm 0.0001pt; background-image: initial; background-position: initial; background-size: initial; background-repeat: initial; background-attachment: initial; background-origin: initial; background-clip: initial; text-align: center;\" align=\"center\"><span style=\"font-size: 10.5pt; font-family: Helvetica, sans-serif; color: #333333;\">MSc. Norma Y. Bravo Montano<br \/><\/span><\/p><p style=\"margin: 0cm 0cm 0.0001pt; background-image: initial; background-position: initial; background-size: initial; background-repeat: initial; background-attachment: initial; background-origin: initial; background-clip: initial; text-align: center;\" align=\"center\"><a href=\"mailto:nybravo@ucf.edu.cu\">nybravo@ucf.edu.cu<\/a><\/p>\t\t\t\t\t\t\t\t<\/div>\n\t\t\t\t<\/div>\n\t\t\t\t<div class=\"elementor-element elementor-element-b0493e9 elementor-widget elementor-widget-text-editor\" data-id=\"b0493e9\" data-element_type=\"widget\" data-e-type=\"widget\" data-widget_type=\"text-editor.default\">\n\t\t\t\t<div class=\"elementor-widget-container\">\n\t\t\t\t\t\t\t\t\t<p style=\"margin: 0cm 0cm 0.0001pt; color: #000000; text-align: center; background-image: initial; background-position: initial; background-size: initial; background-repeat: initial; background-attachment: initial; background-origin: initial; background-clip: initial;\" align=\"center\"><strong><span style=\"font-size: 10.5pt; font-family: Helvetica, sans-serif; color: #333333;\"><img loading=\"lazy\" decoding=\"async\" class=\"aligncenter wp-image-28815\" src=\"https:\/\/intranet.ucf.edu.cu\/wp-content\/uploads\/2025\/01\/Vanesa-300x300.png\" alt=\"\" width=\"95\" height=\"95\" \/><\/span><\/strong><\/p><p style=\"margin: 0cm 0cm 0.0001pt; color: #000000; text-align: center; background-image: initial; background-position: initial; background-size: initial; background-repeat: initial; background-attachment: initial; background-origin: initial; background-clip: initial;\" align=\"center\"><strong><span style=\"font-size: 10.5pt; font-family: Helvetica, sans-serif; color: #333333;\">Decano Facultad de\u00a0<\/span><\/strong><strong><span style=\"font-size: 10.5pt; font-family: Helvetica, sans-serif; color: #333333;\">Ciencias Sociales<\/span><\/strong><span style=\"font-size: 10.5pt; font-family: Helvetica, sans-serif; color: #333333;\"><br \/><\/span><\/p><p style=\"margin: 0cm 0cm 0.0001pt; color: #000000; text-align: center; background-image: initial; background-position: initial; background-size: initial; background-repeat: initial; background-attachment: initial; background-origin: initial; background-clip: initial;\" align=\"center\"><span style=\"font-size: 10.5pt; font-family: Helvetica, sans-serif; color: #333333;\">Dr. C.\u00a0<\/span>Vanesa B\u00e1rbara Fern\u00e1ndez Bereau<\/p><p style=\"color: #000000; text-align: center;\"><a href=\"mailto:vfernandez@ucf.edu.cu\">vfernandez@ucf.edu.cu<\/a><\/p>\t\t\t\t\t\t\t\t<\/div>\n\t\t\t\t<\/div>\n\t\t\t\t<div class=\"elementor-element elementor-element-2851314 elementor-widget elementor-widget-text-editor\" data-id=\"2851314\" data-element_type=\"widget\" data-e-type=\"widget\" data-widget_type=\"text-editor.default\">\n\t\t\t\t<div class=\"elementor-widget-container\">\n\t\t\t\t\t\t\t\t\t<p style=\"margin: 0cm 0cm 0.0001pt; color: #000000; text-align: center; background-image: initial; background-position: initial; background-size: initial; background-repeat: initial; background-attachment: initial; background-origin: initial; background-clip: initial;\" align=\"center\"><img loading=\"lazy\" decoding=\"async\" class=\"alignnone wp-image-25521\" src=\"https:\/\/www.ucf.edu.cu\/wp-content\/uploads\/2026\/04\/Imagen2-298x300.png\" alt=\"\" width=\"95\" height=\"96\" srcset=\"https:\/\/www.ucf.edu.cu\/wp-content\/uploads\/2026\/04\/Imagen2-298x300.png 298w, https:\/\/www.ucf.edu.cu\/wp-content\/uploads\/2026\/04\/Imagen2-150x150.png 150w, https:\/\/www.ucf.edu.cu\/wp-content\/uploads\/2026\/04\/Imagen2.png 654w\" sizes=\"(max-width: 95px) 100vw, 95px\" \/>\u00a0<\/p><p style=\"margin: 0cm 0cm 0.0001pt; color: #000000; text-align: center; background-image: initial; background-position: initial; background-size: initial; background-repeat: initial; background-attachment: initial; background-origin: initial; background-clip: initial;\" align=\"center\"><strong><span style=\"font-size: 10.5pt; font-family: Helvetica, sans-serif; color: #333333;\">Decano Facultad de Humanidades<\/span><\/strong><span style=\"font-size: 10.5pt; font-family: Helvetica, sans-serif; color: #333333;\"><br \/><\/span><\/p><p style=\"margin: 0cm 0cm 0.0001pt; color: #000000; text-align: center; background-image: initial; background-position: initial; background-size: initial; background-repeat: initial; background-attachment: initial; background-origin: initial; background-clip: initial;\" align=\"center\"><span style=\"font-size: 10.5pt; font-family: Helvetica, sans-serif; color: #333333;\">Dr. C. Marley Verdecia Mar\u00edn<\/span><\/p><p align=\"center\">mverdecia@ucf.edu.cu<\/p>\t\t\t\t\t\t\t\t<\/div>\n\t\t\t\t<\/div>\n\t\t\t\t<div class=\"elementor-element elementor-element-7aab3b7 elementor-widget elementor-widget-text-editor\" data-id=\"7aab3b7\" data-element_type=\"widget\" data-e-type=\"widget\" data-widget_type=\"text-editor.default\">\n\t\t\t\t<div class=\"elementor-widget-container\">\n\t\t\t\t\t\t\t\t\t<p style=\"margin: 0cm 0cm 0.0001pt; text-align: center; background-image: initial; background-position: initial; background-size: initial; background-repeat: initial; background-attachment: initial; background-origin: initial; background-clip: initial;\" align=\"center\"><img loading=\"lazy\" decoding=\"async\" class=\"alignnone wp-image-34940\" src=\"https:\/\/intranet.ucf.edu.cu\/wp-content\/uploads\/2025\/09\/Consejo-Cientifico.-Foto-de-perfil3-300x300.png\" alt=\"\" width=\"95\" height=\"95\" \/><\/p><p style=\"margin: 0cm 0cm 0.0001pt; text-align: center; background-image: initial; background-position: initial; background-size: initial; background-repeat: initial; background-attachment: initial; background-origin: initial; background-clip: initial;\" align=\"center\"><strong><span style=\"font-size: 10.5pt; font-family: Helvetica, sans-serif; color: #333333;\">Director CUM Cumanayagua<\/span><\/strong><\/p><p style=\"margin: 0cm 0cm 0.0001pt; text-align: center; background-image: initial; background-position: initial; background-size: initial; background-repeat: initial; background-attachment: initial; background-origin: initial; background-clip: initial;\" align=\"center\">Yoendy P\u00e9rez Negr\u00edn<\/p><p align=\"center\"><a href=\"mailto:arsosa@ucf.edu.cu\" data-wplink-edit=\"true\">yperezm@ucf.edu.cu<\/a><\/p><p style=\"margin: 0cm 0cm 0.0001pt; text-align: center; background-image: initial; background-position: initial; background-size: initial; background-repeat: initial; background-attachment: initial; background-origin: initial; background-clip: initial;\" align=\"center\">\u00a0<\/p>\t\t\t\t\t\t\t\t<\/div>\n\t\t\t\t<\/div>\n\t\t\t\t<div class=\"elementor-element elementor-element-d6310f3 elementor-widget elementor-widget-text-editor\" data-id=\"d6310f3\" data-element_type=\"widget\" data-e-type=\"widget\" data-widget_type=\"text-editor.default\">\n\t\t\t\t<div class=\"elementor-widget-container\">\n\t\t\t\t\t\t\t\t\t<p style=\"margin: 0cm 0cm 0.0001pt; text-align: center; background-image: initial; background-position: initial; background-size: initial; background-repeat: initial; background-attachment: initial; background-origin: initial; background-clip: initial;\" align=\"center\"><strong><span style=\"font-size: 10.5pt; font-family: Helvetica, sans-serif; color: #333333;\"><img loading=\"lazy\" decoding=\"async\" class=\"alignnone wp-image-34941\" src=\"https:\/\/intranet.ucf.edu.cu\/wp-content\/uploads\/2025\/09\/Consejo-Cientifico.-Foto-de-perfil4-300x300.png\" alt=\"\" width=\"95\" height=\"95\" \/><\/span><\/strong><\/p><p style=\"margin: 0cm 0cm 0.0001pt; text-align: center; background-image: initial; background-position: initial; background-size: initial; background-repeat: initial; background-attachment: initial; background-origin: initial; background-clip: initial;\" align=\"center\"><strong><span style=\"font-size: 10.5pt; font-family: Helvetica, sans-serif; color: #333333;\">Director CUM Abreus<\/span><\/strong><span style=\"font-size: 10.5pt; font-family: Helvetica, sans-serif; color: #333333;\"><br \/><\/span><\/p><p style=\"margin: 0cm 0cm 0.0001pt; text-align: center; background-image: initial; background-position: initial; background-size: initial; background-repeat: initial; background-attachment: initial; background-origin: initial; background-clip: initial;\" align=\"center\">Marta Lourdes Qui\u00f1ones Chapis<\/p><p style=\"margin: 0cm 0cm 0.0001pt; text-align: center; background-image: initial; background-position: initial; background-size: initial; background-repeat: initial; background-attachment: initial; background-origin: initial; background-clip: initial;\" align=\"center\">\u00a0<\/p>\t\t\t\t\t\t\t\t<\/div>\n\t\t\t\t<\/div>\n\t\t\t\t<div class=\"elementor-element elementor-element-29d55b5 elementor-widget elementor-widget-text-editor\" data-id=\"29d55b5\" data-element_type=\"widget\" data-e-type=\"widget\" data-widget_type=\"text-editor.default\">\n\t\t\t\t<div class=\"elementor-widget-container\">\n\t\t\t\t\t\t\t\t\t<p style=\"margin: 0cm 0cm 0.0001pt; background-image: initial; background-position: initial; background-size: initial; background-repeat: initial; background-attachment: initial; background-origin: initial; background-clip: initial; text-align: center;\" align=\"center\"><img loading=\"lazy\" decoding=\"async\" class=\"alignnone wp-image-25527\" src=\"https:\/\/www.ucf.edu.cu\/wp-content\/uploads\/2026\/04\/User-UCf-150x150-1.png\" alt=\"\" width=\"95\" height=\"95\" \/><strong><span style=\"font-size: 10.5pt; font-family: Helvetica, sans-serif; color: #333333;\"><br \/><\/span><\/strong><\/p><p style=\"margin: 0cm 0cm 0.0001pt; background-image: initial; background-position: initial; background-size: initial; background-repeat: initial; background-attachment: initial; background-origin: initial; background-clip: initial; text-align: center;\" align=\"center\"><strong><span style=\"font-size: 10.5pt; font-family: Helvetica, sans-serif; color: #333333;\">Director CUM Cruces<\/span><\/strong><\/p>\t\t\t\t\t\t\t\t<\/div>\n\t\t\t\t<\/div>\n\t\t\t\t<div class=\"elementor-element elementor-element-140cadc elementor-widget elementor-widget-text-editor\" data-id=\"140cadc\" data-element_type=\"widget\" data-e-type=\"widget\" data-widget_type=\"text-editor.default\">\n\t\t\t\t<div class=\"elementor-widget-container\">\n\t\t\t\t\t\t\t\t\t<p style=\"margin: 0cm 0cm 0.0001pt; background-image: initial; background-position: initial; background-size: initial; background-repeat: initial; background-attachment: initial; background-origin: initial; background-clip: initial; text-align: center;\" align=\"center\"><strong><span style=\"font-size: 10.5pt; font-family: Helvetica, sans-serif; color: #333333;\"><img loading=\"lazy\" decoding=\"async\" class=\"alignnone wp-image-14366\" src=\"https:\/\/intranet.ucf.edu.cu\/wp-content\/uploads\/2023\/03\/Consejo-Cientifico.-Foto-de-perfil-xx3-300x300.png\" alt=\"\" width=\"95\" height=\"95\" \/><\/span><\/strong><\/p><p style=\"margin: 0cm 0cm 0.0001pt; background-image: initial; background-position: initial; background-size: initial; background-repeat: initial; background-attachment: initial; background-origin: initial; background-clip: initial; text-align: center;\" align=\"center\"><strong><span style=\"font-size: 10.5pt; font-family: Helvetica, sans-serif; color: #333333;\">Jefe Dpto Cuadros<\/span><\/strong><span style=\"font-size: 10.5pt; font-family: Helvetica, sans-serif; color: #333333;\"><br \/><\/span><\/p><p style=\"margin: 0cm 0cm 0.0001pt; background-image: initial; background-position: initial; background-size: initial; background-repeat: initial; background-attachment: initial; background-origin: initial; background-clip: initial; text-align: center;\" align=\"center\"><span style=\"font-size: 10.5pt; font-family: Helvetica, sans-serif; color: #333333;\">MSc. Vero Edilio Rodr\u00edguez Orrego<\/span><\/p><p style=\"margin: 0cm 0cm 0.0001pt; background-image: initial; background-position: initial; background-size: initial; background-repeat: initial; background-attachment: initial; background-origin: initial; background-clip: initial; text-align: center;\" align=\"center\"><span id=\"cloaka5e219235bf9bde6d45d8a831f4ce25c\"><a href=\"mailto:vrodriguez@ucf.edu.cu\">vrodriguez@ucf.edu.cu<\/a><\/span><\/p>\t\t\t\t\t\t\t\t<\/div>\n\t\t\t\t<\/div>\n\t\t\t\t\t<\/div>\n\t\t<\/div>\n\t\t\t\t<div class=\"elementor-column elementor-col-33 elementor-top-column elementor-element elementor-element-e017897\" data-id=\"e017897\" data-element_type=\"column\" data-e-type=\"column\">\n\t\t\t<div class=\"elementor-widget-wrap elementor-element-populated\">\n\t\t\t\t\t\t<div class=\"elementor-element elementor-element-716f8ee elementor-widget elementor-widget-text-editor\" data-id=\"716f8ee\" data-element_type=\"widget\" data-e-type=\"widget\" data-widget_type=\"text-editor.default\">\n\t\t\t\t<div class=\"elementor-widget-container\">\n\t\t\t\t\t\t\t\t\t<p class=\"cargo\" style=\"margin: 0cm 0cm 0.0001pt; color: #000000; text-align: center; background-image: initial; background-position: initial; background-size: initial; background-repeat: initial; background-attachment: initial; background-origin: initial; background-clip: initial;\" align=\"center\"><strong><span style=\"font-size: 10.5pt; font-family: Helvetica, sans-serif; color: #333333;\"><img loading=\"lazy\" decoding=\"async\" class=\"alignnone wp-image-829\" src=\"https:\/\/intranet.ucf.edu.cu\/wp-content\/uploads\/2019\/03\/Rectora.png\" alt=\"\" width=\"95\" height=\"97\" \/><\/span><\/strong><\/p><p class=\"cargo\" style=\"margin: 0cm 0cm 0.0001pt; color: #000000; text-align: center; background-image: initial; background-position: initial; background-size: initial; background-repeat: initial; background-attachment: initial; background-origin: initial; background-clip: initial;\" align=\"center\"><strong><span style=\"font-size: 10.5pt; font-family: Helvetica, sans-serif; color: #333333;\">Rector<\/span><\/strong><\/p><p class=\"cargo\" style=\"margin: 0cm 0cm 0.0001pt; color: #000000; text-align: center; background-image: initial; background-position: initial; background-size: initial; background-repeat: initial; background-attachment: initial; background-origin: initial; background-clip: initial;\" align=\"center\">Dr. C. Orqu\u00eddea Urquiola S\u00e1nchez<\/p><p style=\"color: #000000; text-align: center;\"><span id=\"cloak68769cd81026b12387b7598ff5e24521\"><span style=\"font-size: 10.5pt; font-family: Helvetica, sans-serif; color: #333333;\"><a style=\"transition: color 400ms, background-color 400ms;\" href=\"mailto:rectora@ucf.edu.cu\"><span style=\"color: #008ed3;\">rectora@ucf.edu.cu<\/span><\/a><\/span><\/span><\/p>\t\t\t\t\t\t\t\t<\/div>\n\t\t\t\t<\/div>\n\t\t\t\t<div class=\"elementor-element elementor-element-81ed31e elementor-widget elementor-widget-text-editor\" data-id=\"81ed31e\" data-element_type=\"widget\" data-e-type=\"widget\" data-widget_type=\"text-editor.default\">\n\t\t\t\t<div class=\"elementor-widget-container\">\n\t\t\t\t\t\t\t\t\t<p class=\"cargo\" style=\"margin: 0cm 0cm 0.0001pt; background-image: initial; background-position: initial; background-size: initial; background-repeat: initial; background-attachment: initial; background-origin: initial; background-clip: initial; text-align: center;\" align=\"center\"><strong><span style=\"font-size: 10.5pt; font-family: Helvetica, sans-serif; color: #333333;\"><img loading=\"lazy\" decoding=\"async\" class=\"alignnone wp-image-12488\" src=\"https:\/\/intranet.ucf.edu.cu\/wp-content\/uploads\/2022\/12\/ovel-png-300x300.png\" alt=\"\" width=\"95\" height=\"95\" \/><\/span><\/strong><\/p><p style=\"margin: 0cm 0cm 0.0001pt; background-image: initial; background-position: initial; background-size: initial; background-repeat: initial; background-attachment: initial; background-origin: initial; background-clip: initial; text-align: center;\" align=\"center\"><strong><span style=\"font-size: 10.5pt; font-family: Helvetica, sans-serif; color: #333333;\">Vicerrector Primero<\/span><\/strong><span style=\"font-size: 10.5pt; font-family: Helvetica, sans-serif; color: #333333;\"><br \/><\/span><\/p><p style=\"margin: 0cm 0cm 0.0001pt; background-image: initial; background-position: initial; background-size: initial; background-repeat: initial; background-attachment: initial; background-origin: initial; background-clip: initial; text-align: center;\" align=\"center\"><span style=\"font-size: 10.5pt; font-family: Helvetica, sans-serif; color: #333333;\">Dr. C. Ovel Mena P\u00e9rez<br \/><\/span><\/p><p style=\"margin: 0cm 0cm 0.0001pt; background-image: initial; background-position: initial; background-size: initial; background-repeat: initial; background-attachment: initial; background-origin: initial; background-clip: initial; text-align: center;\" align=\"center\"><a href=\"mailto:omperez@ucf.edu.cu\">omperez@ucf.edu.cu<\/a><\/p>\t\t\t\t\t\t\t\t<\/div>\n\t\t\t\t<\/div>\n\t\t\t\t<div class=\"elementor-element elementor-element-4f09e0b elementor-widget elementor-widget-text-editor\" data-id=\"4f09e0b\" data-element_type=\"widget\" data-e-type=\"widget\" data-widget_type=\"text-editor.default\">\n\t\t\t\t<div class=\"elementor-widget-container\">\n\t\t\t\t\t\t\t\t\t<p class=\"cargo\" style=\"margin: 0cm 0cm 0.0001pt; background-image: initial; background-position: initial; background-size: initial; background-repeat: initial; background-attachment: initial; background-origin: initial; background-clip: initial; text-align: center;\" align=\"center\"><img loading=\"lazy\" decoding=\"async\" class=\"alignnone wp-image-24694\" src=\"https:\/\/www.ucf.edu.cu\/wp-content\/uploads\/2026\/01\/Reynier-150x150.png\" alt=\"\" width=\"95\" height=\"95\" srcset=\"https:\/\/www.ucf.edu.cu\/wp-content\/uploads\/2026\/01\/Reynier-150x150.png 150w, https:\/\/www.ucf.edu.cu\/wp-content\/uploads\/2026\/01\/Reynier-300x300.png 300w, https:\/\/www.ucf.edu.cu\/wp-content\/uploads\/2026\/01\/Reynier.png 666w\" sizes=\"(max-width: 95px) 100vw, 95px\" \/><\/p><p style=\"margin: 0cm 0cm 0.0001pt; background-image: initial; background-position: initial; background-size: initial; background-repeat: initial; background-attachment: initial; background-origin: initial; background-clip: initial; text-align: center;\" align=\"center\"><strong><span style=\"font-size: 10.5pt; font-family: Helvetica, sans-serif; color: #333333;\">Vicerrector Investigaci\u00f3n y Posgrado<\/span><\/strong><span style=\"font-size: 10.5pt; font-family: Helvetica, sans-serif; color: #333333;\"><br \/><\/span><\/p><p style=\"margin: 0cm 0cm 0.0001pt; background-image: initial; background-position: initial; background-size: initial; background-repeat: initial; background-attachment: initial; background-origin: initial; background-clip: initial; text-align: center;\" align=\"center\"><span style=\"font-size: 10.5pt; font-family: Helvetica, sans-serif; color: #333333;\">Dr. C. Reynier Reyes Hern\u00e1ndez\u00a0<br \/><\/span><\/p><p style=\"margin: 0cm 0cm 0.0001pt; background-image: initial; background-position: initial; background-size: initial; background-repeat: initial; background-attachment: initial; background-origin: initial; background-clip: initial; text-align: center;\" align=\"center\"><a href=\"mailto:reyreyes@ucf.edu.cu\">reyreyes@ucf.edu.cu<\/a><\/p>\t\t\t\t\t\t\t\t<\/div>\n\t\t\t\t<\/div>\n\t\t\t\t<div class=\"elementor-element elementor-element-65c870d elementor-widget elementor-widget-spacer\" data-id=\"65c870d\" data-element_type=\"widget\" data-e-type=\"widget\" data-widget_type=\"spacer.default\">\n\t\t\t\t<div class=\"elementor-widget-container\">\n\t\t\t\t\t\t\t<div class=\"elementor-spacer\">\n\t\t\t<div class=\"elementor-spacer-inner\"><\/div>\n\t\t<\/div>\n\t\t\t\t\t\t<\/div>\n\t\t\t\t<\/div>\n\t\t\t\t<div class=\"elementor-element elementor-element-4489405 elementor-widget elementor-widget-spacer\" data-id=\"4489405\" data-element_type=\"widget\" data-e-type=\"widget\" data-widget_type=\"spacer.default\">\n\t\t\t\t<div class=\"elementor-widget-container\">\n\t\t\t\t\t\t\t<div class=\"elementor-spacer\">\n\t\t\t<div class=\"elementor-spacer-inner\"><\/div>\n\t\t<\/div>\n\t\t\t\t\t\t<\/div>\n\t\t\t\t<\/div>\n\t\t\t\t<div class=\"elementor-element elementor-element-59052c0 elementor-widget elementor-widget-text-editor\" data-id=\"59052c0\" data-element_type=\"widget\" data-e-type=\"widget\" data-widget_type=\"text-editor.default\">\n\t\t\t\t<div class=\"elementor-widget-container\">\n\t\t\t\t\t\t\t\t\t<p style=\"margin: 0cm 0cm 0.0001pt; color: #000000; background-image: initial; background-position: initial; background-size: initial; background-repeat: initial; background-attachment: initial; background-origin: initial; background-clip: initial; text-align: center;\" align=\"center\"><img loading=\"lazy\" decoding=\"async\" src=\"https:\/\/www.ucf.edu.cu\/wp-content\/uploads\/2026\/01\/Lesimay-150x150.png\" alt=\"\" width=\"95\" height=\"95\" \/><\/p><p style=\"margin: 0cm 0cm 0.0001pt; color: #000000; background-image: initial; background-position: initial; background-size: initial; background-repeat: initial; background-attachment: initial; background-origin: initial; background-clip: initial; text-align: center;\" align=\"center\"><strong>Presidente de la FEU<\/strong><br \/>Lesimay Turca Trujillo<br \/><a href=\"mailto:feupresidente@ucf.edu.cu\">feupresidente@ucf.edu.cu<\/a><\/p>\t\t\t\t\t\t\t\t<\/div>\n\t\t\t\t<\/div>\n\t\t\t\t<div class=\"elementor-element elementor-element-3cf81e8 elementor-widget elementor-widget-text-editor\" data-id=\"3cf81e8\" data-element_type=\"widget\" data-e-type=\"widget\" data-widget_type=\"text-editor.default\">\n\t\t\t\t<div class=\"elementor-widget-container\">\n\t\t\t\t\t\t\t\t\t<p style=\"margin: 0cm 0cm 0.0001pt; color: #000000; text-align: center; background-image: initial; background-position: initial; background-size: initial; background-repeat: initial; background-attachment: initial; background-origin: initial; background-clip: initial;\" align=\"center\"><strong><span style=\"font-size: 10.5pt; font-family: Helvetica, sans-serif; color: #333333;\"><img loading=\"lazy\" decoding=\"async\" src=\"https:\/\/intranet.ucf.edu.cu\/wp-content\/uploads\/2025\/01\/Cristian-Alejandro-300x300.png\" alt=\"\" width=\"95\" height=\"95\" \/><\/span><\/strong><\/p><p style=\"margin: 0cm 0cm 0.0001pt; color: #000000; text-align: center; background-image: initial; background-position: initial; background-size: initial; background-repeat: initial; background-attachment: initial; background-origin: initial; background-clip: initial;\" align=\"center\"><strong><span style=\"font-size: 10.5pt; font-family: Helvetica, sans-serif; color: #333333;\">Secretario UJC<\/span><\/strong><\/p><p style=\"margin: 0cm 0cm 0.0001pt; color: #000000; text-align: center; background-image: initial; background-position: initial; background-size: initial; background-repeat: initial; background-attachment: initial; background-origin: initial; background-clip: initial;\" align=\"center\">Cristian Alejandro Acosta Hirola<\/p><p style=\"margin: 0cm 0cm 0.0001pt; color: #000000; text-align: center; background-image: initial; background-position: initial; background-size: initial; background-repeat: initial; background-attachment: initial; background-origin: initial; background-clip: initial;\" align=\"center\"><a style=\"transition-behavior: normal; transition-property: all;\" href=\"mailto:cahirola@ucf.edu.cu\">cahirola@ucf.edu.cu<\/a><\/p>\t\t\t\t\t\t\t\t<\/div>\n\t\t\t\t<\/div>\n\t\t\t\t<div class=\"elementor-element elementor-element-420f315 elementor-widget elementor-widget-text-editor\" data-id=\"420f315\" data-element_type=\"widget\" data-e-type=\"widget\" data-widget_type=\"text-editor.default\">\n\t\t\t\t<div class=\"elementor-widget-container\">\n\t\t\t\t\t\t\t\t\t<p style=\"margin: 0cm 0cm 0.0001pt; background-image: initial; background-position: initial; background-size: initial; background-repeat: initial; background-attachment: initial; background-origin: initial; background-clip: initial; text-align: center;\" align=\"center\"><strong><span style=\"font-size: 10.5pt; font-family: Helvetica, sans-serif; color: #333333;\"><img loading=\"lazy\" decoding=\"async\" class=\"alignnone wp-image-34942\" src=\"https:\/\/intranet.ucf.edu.cu\/wp-content\/uploads\/2025\/09\/Consejo-Cientifico.-Foto-de-perfil5-300x300.png\" alt=\"\" width=\"95\" height=\"95\" \/><\/span><\/strong><\/p><p style=\"margin: 0cm 0cm 0.0001pt; background-image: initial; background-position: initial; background-size: initial; background-repeat: initial; background-attachment: initial; background-origin: initial; background-clip: initial; text-align: center;\" align=\"center\"><strong>Secretario PCC\u00a0<\/strong><\/p><p style=\"margin: 0cm 0cm 0.0001pt; background-image: initial; background-position: initial; background-size: initial; background-repeat: initial; background-attachment: initial; background-origin: initial; background-clip: initial; text-align: center;\" align=\"center\"><strong>Director de Marxismo-Leninismo e Historia<\/strong><\/p><p style=\"margin: 0cm 0cm 0.0001pt; background-image: initial; background-position: initial; background-size: initial; background-repeat: initial; background-attachment: initial; background-origin: initial; background-clip: initial; text-align: center;\" align=\"center\"><span style=\"font-size: 10.5pt; font-family: Helvetica, sans-serif; color: #333333;\">\u00a0<\/span>Lesby Jos\u00e9 Dom\u00ednguez Fonseca<\/p><p style=\"text-align: center;\">\u00a0<a href=\"mailto:ldominguez@ucf.edu.cu\">ldominguez@ucf.edu.cu<\/a><\/p>\t\t\t\t\t\t\t\t<\/div>\n\t\t\t\t<\/div>\n\t\t\t\t<div class=\"elementor-element elementor-element-24e798b elementor-widget elementor-widget-text-editor\" data-id=\"24e798b\" data-element_type=\"widget\" data-e-type=\"widget\" data-widget_type=\"text-editor.default\">\n\t\t\t\t<div class=\"elementor-widget-container\">\n\t\t\t\t\t\t\t\t\t<p style=\"margin: 0cm 0cm 0.0001pt; color: #000000; background-image: initial; background-position: initial; background-size: initial; background-repeat: initial; background-attachment: initial; background-origin: initial; background-clip: initial; text-align: center;\" align=\"center\"><img loading=\"lazy\" decoding=\"async\" class=\"alignnone wp-image-6090\" src=\"https:\/\/intranet.ucf.edu.cu\/wp-content\/uploads\/2020\/09\/Partido.png\" alt=\"\" width=\"95\" height=\"97\" \/><strong><span style=\"font-size: 10.5pt; font-family: Helvetica, sans-serif; color: #333333;\"><br \/><\/span><\/strong><\/p><p style=\"margin: 0cm 0cm 0.0001pt; color: #000000; background-image: initial; background-position: initial; background-size: initial; background-repeat: initial; background-attachment: initial; background-origin: initial; background-clip: initial; text-align: center;\" align=\"center\"><strong><span style=\"font-size: 10.5pt; font-family: Helvetica, sans-serif; color: #333333;\">Secretario Sindicato<\/span><\/strong><span style=\"font-size: 10.5pt; font-family: Helvetica, sans-serif; color: #333333;\"><br \/><\/span><\/p><p style=\"margin: 0cm 0cm 0.0001pt; color: #000000; background-image: initial; background-position: initial; background-size: initial; background-repeat: initial; background-attachment: initial; background-origin: initial; background-clip: initial; text-align: center;\" align=\"center\"><span style=\"font-size: 10.5pt; font-family: Helvetica, sans-serif; color: #333333;\">MSc. Dalia\u00a0<\/span>Gonz\u00e1lez Gonz\u00e1lez<\/p><p style=\"margin: 0cm 0cm 0.0001pt; color: #000000; background-image: initial; background-position: initial; background-size: initial; background-repeat: initial; background-attachment: initial; background-origin: initial; background-clip: initial; text-align: center;\" align=\"center\"><a href=\"mailto:dggonzalez@ucf.edu.cu\">dggonzalez@ucf.edu.cu<\/a><\/p>\t\t\t\t\t\t\t\t<\/div>\n\t\t\t\t<\/div>\n\t\t\t\t\t<\/div>\n\t\t<\/div>\n\t\t\t\t<div class=\"elementor-column elementor-col-33 elementor-top-column elementor-element elementor-element-d0b8d2b\" data-id=\"d0b8d2b\" data-element_type=\"column\" data-e-type=\"column\">\n\t\t\t<div class=\"elementor-widget-wrap elementor-element-populated\">\n\t\t\t\t\t\t<div class=\"elementor-element elementor-element-ea78e6d elementor-widget elementor-widget-spacer\" data-id=\"ea78e6d\" data-element_type=\"widget\" data-e-type=\"widget\" data-widget_type=\"spacer.default\">\n\t\t\t\t<div class=\"elementor-widget-container\">\n\t\t\t\t\t\t\t<div class=\"elementor-spacer\">\n\t\t\t<div class=\"elementor-spacer-inner\"><\/div>\n\t\t<\/div>\n\t\t\t\t\t\t<\/div>\n\t\t\t\t<\/div>\n\t\t\t\t<div class=\"elementor-element elementor-element-943f143 elementor-widget elementor-widget-text-editor\" data-id=\"943f143\" data-element_type=\"widget\" data-e-type=\"widget\" data-widget_type=\"text-editor.default\">\n\t\t\t\t<div class=\"elementor-widget-container\">\n\t\t\t\t\t\t\t\t\t<p style=\"margin: 0cm 0cm 0.0001pt; background-image: initial; background-position: initial; background-size: initial; background-repeat: initial; background-attachment: initial; background-origin: initial; background-clip: initial; text-align: center;\" align=\"center\"><strong><span style=\"font-size: 10.5pt; font-family: Helvetica, sans-serif; color: #333333;\"><img loading=\"lazy\" decoding=\"async\" class=\"alignnone wp-image-24693\" src=\"https:\/\/www.ucf.edu.cu\/wp-content\/uploads\/2026\/01\/Maydel-150x150.png\" alt=\"\" width=\"95\" height=\"95\" srcset=\"https:\/\/www.ucf.edu.cu\/wp-content\/uploads\/2026\/01\/Maydel-150x150.png 150w, https:\/\/www.ucf.edu.cu\/wp-content\/uploads\/2026\/01\/Maydel-300x300.png 300w, https:\/\/www.ucf.edu.cu\/wp-content\/uploads\/2026\/01\/Maydel.png 666w\" sizes=\"(max-width: 95px) 100vw, 95px\" \/><\/span><\/strong><\/p><p style=\"margin: 0cm 0cm 0.0001pt; background-image: initial; background-position: initial; background-size: initial; background-repeat: initial; background-attachment: initial; background-origin: initial; background-clip: initial; text-align: center;\" align=\"center\"><strong><span style=\"font-size: 10.5pt; font-family: Helvetica, sans-serif; color: #333333;\">Vicerrector Desarrollo Digital e Informaci\u00f3n<\/span><\/strong><br \/><span style=\"font-size: 10.5pt; font-family: Helvetica, sans-serif; color: #333333;\">MSc. Maydel G\u00f3mez Lago<\/span><\/p><p style=\"margin: 0cm 0cm 0.0001pt; background-image: initial; background-position: initial; background-size: initial; background-repeat: initial; background-attachment: initial; background-origin: initial; background-clip: initial; text-align: center;\" align=\"center\"><a href=\"mailto:mglago@ucf.edu.cu\"><span style=\"transition: color 400ms, background-color 400ms; font-size: 10.5pt; font-family: Helvetica, sans-serif; color: #008ed3;\">mglago@ucf.edu.cu<\/span><\/a><\/p>\t\t\t\t\t\t\t\t<\/div>\n\t\t\t\t<\/div>\n\t\t\t\t<div class=\"elementor-element elementor-element-2539c25 elementor-widget elementor-widget-text-editor\" data-id=\"2539c25\" data-element_type=\"widget\" data-e-type=\"widget\" data-widget_type=\"text-editor.default\">\n\t\t\t\t<div class=\"elementor-widget-container\">\n\t\t\t\t\t\t\t\t\t<p style=\"margin: 0cm 0cm 0.0001pt; background-image: initial; background-position: initial; background-size: initial; background-repeat: initial; background-attachment: initial; background-origin: initial; background-clip: initial; text-align: center;\" align=\"center\"><img loading=\"lazy\" decoding=\"async\" class=\"alignnone size-full wp-image-6092\" src=\"https:\/\/intranet.ucf.edu.cu\/wp-content\/uploads\/2020\/09\/Gilberto.png\" alt=\"\" width=\"105\" height=\"107\" \/><strong><span style=\"font-size: 10.5pt; font-family: Helvetica, sans-serif; color: #333333;\"><br \/><\/span><\/strong><\/p><p style=\"margin: 0cm 0cm 0.0001pt; text-align: center; background-image: initial; background-position: initial; background-size: initial; background-repeat: initial; background-attachment: initial; background-origin: initial; background-clip: initial;\" align=\"center\"><strong><span style=\"font-size: 10.5pt; font-family: Helvetica; color: #333333;\">Director General<\/span><\/strong><span style=\"font-size: 10.5pt; font-family: Helvetica; color: #333333;\"><br \/><\/span>MSc. Gilberto Gonz\u00e1lez Hern\u00e1ndez<br \/><a href=\"mailto:ggonzalez@ucf.edu.cu\">ggonzalez@ucf.edu.cu<\/a><\/p>\t\t\t\t\t\t\t\t<\/div>\n\t\t\t\t<\/div>\n\t\t\t\t<div class=\"elementor-element elementor-element-7d8e285 elementor-widget elementor-widget-text-editor\" data-id=\"7d8e285\" data-element_type=\"widget\" data-e-type=\"widget\" data-widget_type=\"text-editor.default\">\n\t\t\t\t<div class=\"elementor-widget-container\">\n\t\t\t\t\t\t\t\t\t<p style=\"margin: 0cm 0cm 0.0001pt; background-image: initial; background-position: initial; background-size: initial; background-repeat: initial; background-attachment: initial; background-origin: initial; background-clip: initial; text-align: center;\" align=\"center\"><strong><span style=\"font-size: 10.5pt; font-family: Helvetica, sans-serif; color: #333333;\"><img loading=\"lazy\" decoding=\"async\" class=\"alignnone wp-image-16873\" src=\"https:\/\/www.ucf.edu.cu\/wp-content\/uploads\/2024\/03\/Plantilla.-Fotos-de-personas-para-la-WEB.-Arabella.png\" alt=\"\" width=\"95\" height=\"86\" \/><\/span><\/strong><strong><span style=\"font-size: 10.5pt; font-family: Helvetica, sans-serif; color: #333333;\"><br \/><\/span><\/strong><\/p><p style=\"margin: 0cm 0cm 0.0001pt; background-image: initial; background-position: initial; background-size: initial; background-repeat: initial; background-attachment: initial; background-origin: initial; background-clip: initial; text-align: center;\" align=\"center\"><strong><span style=\"font-size: 10.5pt; font-family: Helvetica, sans-serif; color: #333333;\">Director RRHH<\/span><\/strong><span style=\"font-size: 10.5pt; font-family: Helvetica, sans-serif; color: #333333;\"><br \/><\/span><\/p><p style=\"margin: 0cm 0cm 0.0001pt; background-image: initial; background-position: initial; background-size: initial; background-repeat: initial; background-attachment: initial; background-origin: initial; background-clip: initial; text-align: center;\" align=\"center\"><span style=\"font-size: 10.5pt; font-family: Helvetica, sans-serif; color: #333333;\">Lic. Arabella Mart\u00edn Rey<\/span><\/p><p style=\"margin: 0cm 0cm 0.0001pt; background-image: initial; background-position: initial; background-size: initial; background-repeat: initial; background-attachment: initial; background-origin: initial; background-clip: initial; text-align: center;\" align=\"center\"><a href=\"mailto:amartin@ucf.edu.cu\">amartin@ucf.edu.cu<\/a><\/p>\t\t\t\t\t\t\t\t<\/div>\n\t\t\t\t<\/div>\n\t\t\t\t<div class=\"elementor-element elementor-element-f3531b7 elementor-widget elementor-widget-text-editor\" data-id=\"f3531b7\" data-element_type=\"widget\" data-e-type=\"widget\" data-widget_type=\"text-editor.default\">\n\t\t\t\t<div class=\"elementor-widget-container\">\n\t\t\t\t\t\t\t\t\t<p style=\"margin: 0cm 0cm 0.0001pt; background-image: initial; background-position: initial; background-size: initial; background-repeat: initial; background-attachment: initial; background-origin: initial; background-clip: initial; text-align: center;\" align=\"center\"><img loading=\"lazy\" decoding=\"async\" class=\"alignnone wp-image-852\" src=\"https:\/\/intranet.ucf.edu.cu\/wp-content\/uploads\/2019\/03\/CienciaTec.png\" alt=\"\" width=\"95\" height=\"96\" \/><strong><span style=\"font-size: 10.5pt; font-family: Helvetica, sans-serif; color: #333333;\"><br \/><\/span><\/strong><\/p><p style=\"margin: 0cm 0cm 0.0001pt; background-image: initial; background-position: initial; background-size: initial; background-repeat: initial; background-attachment: initial; background-origin: initial; background-clip: initial; text-align: center;\" align=\"center\"><strong><span style=\"font-size: 10.5pt; font-family: Helvetica, sans-serif; color: #333333;\">Director de Ciencia y T\u00e9cnica<\/span><\/strong><span style=\"font-size: 10.5pt; font-family: Helvetica, sans-serif; color: #333333;\"><br \/><\/span><\/p><p style=\"margin: 0cm 0cm 0.0001pt; background-image: initial; background-position: initial; background-size: initial; background-repeat: initial; background-attachment: initial; background-origin: initial; background-clip: initial; text-align: center;\" align=\"center\"><span style=\"font-size: 10.5pt; font-family: Helvetica, sans-serif; color: #333333;\">Dr. C. Yoanelys Mirabal P\u00e9rez<\/span><\/p><p style=\"margin: 0cm 0cm 0.0001pt; background-image: initial; background-position: initial; background-size: initial; background-repeat: initial; background-attachment: initial; background-origin: initial; background-clip: initial; text-align: center;\" align=\"center\"><a href=\"mailto:ymirabal@ucf.edu.cu\"><span style=\"font-size: 10.5pt; font-family: Helvetica, sans-serif; color: #008ed3;\">ymirabal@ucf.edu.cu<\/span><\/a><\/p>\t\t\t\t\t\t\t\t<\/div>\n\t\t\t\t<\/div>\n\t\t\t\t<div class=\"elementor-element elementor-element-a21fef7 elementor-widget elementor-widget-text-editor\" data-id=\"a21fef7\" data-element_type=\"widget\" data-e-type=\"widget\" data-widget_type=\"text-editor.default\">\n\t\t\t\t<div class=\"elementor-widget-container\">\n\t\t\t\t\t\t\t\t\t<p style=\"margin: 0cm 0cm 0.0001pt; background-image: initial; background-position: initial; background-size: initial; background-repeat: initial; background-attachment: initial; background-origin: initial; background-clip: initial; text-align: center;\" align=\"center\"><img loading=\"lazy\" decoding=\"async\" class=\"alignnone wp-image-855\" src=\"https:\/\/intranet.ucf.edu.cu\/wp-content\/uploads\/2019\/03\/DirecEcon.png\" alt=\"\" width=\"95\" height=\"96\" \/><strong><span style=\"font-size: 10.5pt; font-family: Helvetica, sans-serif; color: #333333;\"><br \/><\/span><\/strong><\/p><p style=\"margin: 0cm 0cm 0.0001pt; background-image: initial; background-position: initial; background-size: initial; background-repeat: initial; background-attachment: initial; background-origin: initial; background-clip: initial; text-align: center;\" align=\"center\"><strong><span style=\"font-size: 10.5pt; font-family: Helvetica, sans-serif; color: #333333;\">Director de Contabilidad y Finanzas<\/span><\/strong><span style=\"font-size: 10.5pt; font-family: Helvetica, sans-serif; color: #333333;\"><br \/><\/span><\/p><p style=\"margin: 0cm 0cm 0.0001pt; background-image: initial; background-position: initial; background-size: initial; background-repeat: initial; background-attachment: initial; background-origin: initial; background-clip: initial; text-align: center;\" align=\"center\"><span style=\"font-size: 10.5pt; font-family: Helvetica, sans-serif; color: #333333;\">MSc. Edelmis Chapis Cabrera<\/span><\/p><p style=\"margin: 0cm 0cm 0.0001pt; background-image: initial; background-position: initial; background-size: initial; background-repeat: initial; background-attachment: initial; background-origin: initial; background-clip: initial; text-align: center;\" align=\"center\"><a href=\"mailto:eccabrera@ucf.edu.cu\">eccabrera@ucf.edu.cu<\/a><\/p>\t\t\t\t\t\t\t\t<\/div>\n\t\t\t\t<\/div>\n\t\t\t\t<div class=\"elementor-element elementor-element-150b62f elementor-widget elementor-widget-text-editor\" data-id=\"150b62f\" data-element_type=\"widget\" data-e-type=\"widget\" data-widget_type=\"text-editor.default\">\n\t\t\t\t<div class=\"elementor-widget-container\">\n\t\t\t\t\t\t\t\t\t<p style=\"margin: 0cm 0cm 0.0001pt; color: #000000; text-align: center; background-image: initial; background-position: initial; background-size: initial; background-repeat: initial; background-attachment: initial; background-origin: initial; background-clip: initial;\" align=\"center\"><strong><span style=\"font-size: 10.5pt; font-family: Helvetica, sans-serif; color: #333333;\"><img loading=\"lazy\" decoding=\"async\" class=\"alignnone wp-image-34938\" src=\"https:\/\/intranet.ucf.edu.cu\/wp-content\/uploads\/2025\/09\/Consejo-Cientifico.-Foto-de-perfil-300x300.png\" alt=\"\" width=\"95\" height=\"95\" \/><\/span><\/strong><\/p><p style=\"margin: 0cm 0cm 0.0001pt; color: #000000; text-align: center; background-image: initial; background-position: initial; background-size: initial; background-repeat: initial; background-attachment: initial; background-origin: initial; background-clip: initial;\" align=\"center\"><strong>Decano Facultad de Ciencias Econ\u00f3micas<\/strong><\/p><p style=\"margin: 0cm 0cm 0.0001pt; color: #000000; text-align: center;\">Yohanna Morales D\u00edaz<\/p><p style=\"margin: 0cm 0cm 0.0001pt; color: #000000; text-align: center;\"><a href=\"mailto:ymorales@ucf.edu.cu\">ymorales@ucf.edu.cu<\/a><\/p>\t\t\t\t\t\t\t\t<\/div>\n\t\t\t\t<\/div>\n\t\t\t\t<div class=\"elementor-element elementor-element-8fb971a elementor-widget elementor-widget-text-editor\" data-id=\"8fb971a\" data-element_type=\"widget\" data-e-type=\"widget\" data-widget_type=\"text-editor.default\">\n\t\t\t\t<div class=\"elementor-widget-container\">\n\t\t\t\t\t\t\t\t\t<p style=\"margin: 0cm 0cm 0.0001pt; color: #000000; text-align: center; background-image: initial; background-position: initial; background-size: initial; background-repeat: initial; background-attachment: initial; background-origin: initial; background-clip: initial;\" align=\"center\"><img loading=\"lazy\" decoding=\"async\" class=\"alignnone wp-image-28953\" src=\"https:\/\/intranet.ucf.edu.cu\/wp-content\/uploads\/2025\/01\/Ariel-300x300.png\" alt=\"\" width=\"95\" height=\"95\" \/><strong><span style=\"font-size: 10.5pt; font-family: Helvetica, sans-serif; color: #333333;\"><br \/><\/span><\/strong><\/p><p style=\"margin: 0cm 0cm 0.0001pt; color: #000000; text-align: center; background-image: initial; background-position: initial; background-size: initial; background-repeat: initial; background-attachment: initial; background-origin: initial; background-clip: initial;\" align=\"center\"><strong><span style=\"font-size: 10.5pt; font-family: Helvetica, sans-serif; color: #333333;\">Decano Facultad de\u00a0<\/span><\/strong><strong><span style=\"font-size: 10.5pt; font-family: Helvetica, sans-serif; color: #333333;\">Ingenier\u00eda<\/span><\/strong><\/p><p style=\"margin: 0cm 0cm 0.0001pt; color: #000000; text-align: center; background-image: initial; background-position: initial; background-size: initial; background-repeat: initial; background-attachment: initial; background-origin: initial; background-clip: initial;\" align=\"center\">Dr. C. Ariel G\u00f3mez Sarria<\/p><p style=\"margin: 0cm 0cm 0.0001pt; color: #000000; text-align: center; background-image: initial; background-position: initial; background-size: initial; background-repeat: initial; background-attachment: initial; background-origin: initial; background-clip: initial;\" align=\"center\"><a href=\"mailto:jfpuerta@ucf.edu.cu\">agomez@ucf.edu.cu<\/a><\/p>\t\t\t\t\t\t\t\t<\/div>\n\t\t\t\t<\/div>\n\t\t\t\t<div class=\"elementor-element elementor-element-d08eca7 elementor-widget elementor-widget-text-editor\" data-id=\"d08eca7\" data-element_type=\"widget\" data-e-type=\"widget\" data-widget_type=\"text-editor.default\">\n\t\t\t\t<div class=\"elementor-widget-container\">\n\t\t\t\t\t\t\t\t\t<p style=\"margin: 0cm 0cm 0.0001pt; background-image: initial; background-position: initial; background-size: initial; background-repeat: initial; background-attachment: initial; background-origin: initial; background-clip: initial; text-align: center;\" align=\"center\"><img loading=\"lazy\" decoding=\"async\" class=\"aligncenter wp-image-28817\" src=\"https:\/\/intranet.ucf.edu.cu\/wp-content\/uploads\/2025\/01\/Yamilis-300x300.png\" alt=\"\" width=\"95\" height=\"95\" \/><\/p><p style=\"margin: 0cm 0cm 0.0001pt; text-align: center;\" align=\"center\"><strong><span style=\"font-size: 10.5pt; font-family: Helvetica; color: #333333;\">Decano Facultad de Educaci<\/span><\/strong><strong><span style=\"font-size: 10.5pt; font-family: Calibri, sans-serif; color: #333333;\">\u00f3<\/span><\/strong><strong><span style=\"font-size: 10.5pt; font-family: Helvetica; color: #333333;\">n<\/span><\/strong><\/p><p style=\"margin: 0cm 0cm 0.0001pt; background-image: initial; background-position: initial; background-size: initial; background-repeat: initial; background-attachment: initial; background-origin: initial; background-clip: initial; text-align: center;\" align=\"center\"><span style=\"font-size: 10.5pt; font-family: Helvetica, sans-serif; color: #333333;\">Dr. C. Yamilys Mar\u00eda Bagu\u00e9 Luna<\/span><\/p><p style=\"margin: 0cm 0cm 0.0001pt; background-image: initial; background-position: initial; background-size: initial; background-repeat: initial; background-attachment: initial; background-origin: initial; background-clip: initial; text-align: center;\" align=\"center\"><a href=\"mailto:ybague@ucf.edu.cu\">ybague@ucf.edu.cu<\/a><\/p>\t\t\t\t\t\t\t\t<\/div>\n\t\t\t\t<\/div>\n\t\t\t\t<div class=\"elementor-element elementor-element-ee41e9d elementor-widget elementor-widget-text-editor\" data-id=\"ee41e9d\" data-element_type=\"widget\" data-e-type=\"widget\" data-widget_type=\"text-editor.default\">\n\t\t\t\t<div class=\"elementor-widget-container\">\n\t\t\t\t\t\t\t\t\t<p style=\"margin: 0cm 0cm 0.0001pt; color: #000000; background-image: initial; background-position: initial; background-size: initial; background-repeat: initial; background-attachment: initial; background-origin: initial; background-clip: initial; text-align: center;\" align=\"center\"><strong><span style=\"font-size: 10.5pt; font-family: Helvetica, sans-serif; color: #333333;\"><img loading=\"lazy\" decoding=\"async\" class=\"alignnone wp-image-25527\" src=\"https:\/\/www.ucf.edu.cu\/wp-content\/uploads\/2026\/04\/User-UCf-150x150-1.png\" alt=\"\" width=\"95\" height=\"95\" \/><\/span><\/strong><\/p><p style=\"margin: 0cm 0cm 0.0001pt; color: #000000; background-image: initial; background-position: initial; background-size: initial; background-repeat: initial; background-attachment: initial; background-origin: initial; background-clip: initial; text-align: center;\" align=\"center\"><strong><span style=\"font-size: 10.5pt; font-family: Helvetica, sans-serif; color: #333333;\">Director CUM\u00a0<\/span><\/strong><strong><span style=\"font-size: 10.5pt; font-family: Helvetica, sans-serif; color: #333333;\">Aguada de Pasajeros<\/span><\/strong><\/p>\t\t\t\t\t\t\t\t<\/div>\n\t\t\t\t<\/div>\n\t\t\t\t<div class=\"elementor-element elementor-element-ad38dae elementor-widget elementor-widget-text-editor\" data-id=\"ad38dae\" data-element_type=\"widget\" data-e-type=\"widget\" data-widget_type=\"text-editor.default\">\n\t\t\t\t<div class=\"elementor-widget-container\">\n\t\t\t\t\t\t\t\t\t<p style=\"margin: 0cm 0cm 0.0001pt; color: #000000; text-align: center; background-image: initial; background-position: initial; background-size: initial; background-repeat: initial; background-attachment: initial; background-origin: initial; background-clip: initial;\" align=\"center\"><img loading=\"lazy\" decoding=\"async\" class=\"alignnone wp-image-28951\" src=\"https:\/\/intranet.ucf.edu.cu\/wp-content\/uploads\/2025\/01\/Maria-del-Rosario-300x300.png\" alt=\"\" width=\"95\" height=\"95\" \/><strong><span style=\"font-size: 10.5pt; font-family: Helvetica, sans-serif; color: #333333;\"><br \/><\/span><\/strong><\/p><p style=\"margin: 0cm 0cm 0.0001pt; color: #000000; text-align: center; background-image: initial; background-position: initial; background-size: initial; background-repeat: initial; background-attachment: initial; background-origin: initial; background-clip: initial;\" align=\"center\"><strong><span style=\"font-size: 10.5pt; font-family: Helvetica, sans-serif; color: #333333;\">Director CUM Rodas<\/span><\/strong><\/p><p style=\"margin: 0cm 0cm 0.0001pt; color: #000000; text-align: center; background-image: initial; background-position: initial; background-size: initial; background-repeat: initial; background-attachment: initial; background-origin: initial; background-clip: initial;\" align=\"center\">M. Sc. Mar\u00eda del Rosario Lle\u00f3 Moreno<\/p><p style=\"margin: 0cm 0cm 0.0001pt; color: #000000; text-align: center; background-image: initial; background-position: initial; background-size: initial; background-repeat: initial; background-attachment: initial; background-origin: initial; background-clip: initial;\" align=\"center\"><a href=\"mailto:mrlleo@ucf.edu.cu\">mrlleo@ucf.edu.cu<\/a><\/p>\t\t\t\t\t\t\t\t<\/div>\n\t\t\t\t<\/div>\n\t\t\t\t<div class=\"elementor-element elementor-element-d4ab156 elementor-widget elementor-widget-text-editor\" data-id=\"d4ab156\" data-element_type=\"widget\" data-e-type=\"widget\" data-widget_type=\"text-editor.default\">\n\t\t\t\t<div class=\"elementor-widget-container\">\n\t\t\t\t\t\t\t\t\t<p style=\"margin: 0cm 0cm 0.0001pt; background-image: initial; background-position: initial; background-size: initial; background-repeat: initial; background-attachment: initial; background-origin: initial; background-clip: initial; text-align: center;\" align=\"center\"><img loading=\"lazy\" decoding=\"async\" class=\"alignnone wp-image-34939\" src=\"https:\/\/intranet.ucf.edu.cu\/wp-content\/uploads\/2025\/09\/Consejo-Cientifico.-Foto-de-perfil2-300x300.png\" alt=\"\" width=\"95\" height=\"95\" \/><strong><span style=\"font-size: 10.5pt; font-family: Helvetica, sans-serif; color: #333333;\"><br \/><\/span><\/strong><\/p><p style=\"margin: 0cm 0cm 0.0001pt; background-image: initial; background-position: initial; background-size: initial; background-repeat: initial; background-attachment: initial; background-origin: initial; background-clip: initial; text-align: center;\" align=\"center\"><strong><span style=\"font-size: 10.5pt; font-family: Helvetica, sans-serif; color: #333333;\">Director CUM Lajas<\/span><\/strong><span style=\"font-size: 10.5pt; font-family: Helvetica, sans-serif; color: #333333;\"><br \/><\/span><\/p><p style=\"margin: 0cm 0cm 0.0001pt; background-image: initial; background-position: initial; background-size: initial; background-repeat: initial; background-attachment: initial; background-origin: initial; background-clip: initial; text-align: center;\" align=\"center\">Regla de la Caridad Su\u00e1rez Lima<\/p><p style=\"margin: 0cm 0cm 0.0001pt; background-image: initial; background-position: initial; background-size: initial; background-repeat: initial; background-attachment: initial; background-origin: initial; background-clip: initial; text-align: center;\" align=\"center\">\u00a0<\/p>\t\t\t\t\t\t\t\t<\/div>\n\t\t\t\t<\/div>\n\t\t\t\t<div class=\"elementor-element elementor-element-7654670 elementor-widget elementor-widget-text-editor\" data-id=\"7654670\" data-element_type=\"widget\" data-e-type=\"widget\" data-widget_type=\"text-editor.default\">\n\t\t\t\t<div class=\"elementor-widget-container\">\n\t\t\t\t\t\t\t\t\t<p style=\"margin: 0cm 0cm 0.0001pt; color: #000000; background-image: initial; background-position: initial; background-size: initial; background-repeat: initial; background-attachment: initial; background-origin: initial; background-clip: initial; text-align: center;\" align=\"center\"><strong><span style=\"font-size: 10.5pt; font-family: Helvetica, sans-serif; color: #333333;\"><img loading=\"lazy\" decoding=\"async\" class=\"aligncenter wp-image-28987\" src=\"https:\/\/intranet.ucf.edu.cu\/wp-content\/uploads\/2025\/01\/Anayvi-300x300.png\" alt=\"\" width=\"95\" height=\"95\"><\/span><\/strong><\/p>\n<p style=\"margin: 0cm 0cm 0.0001pt; color: #000000; background-image: initial; background-position: initial; background-size: initial; background-repeat: initial; background-attachment: initial; background-origin: initial; background-clip: initial; text-align: center;\" align=\"center\"><strong><span style=\"font-size: 10.5pt; font-family: Helvetica, sans-serif; color: #333333;\">Director CUM Palmira<\/span><\/strong><span style=\"font-size: 10.5pt; font-family: Helvetica, sans-serif; color: #333333;\"><br><\/span><\/p>\n<p style=\"margin: 0cm 0cm 0.0001pt; color: #000000; background-image: initial; background-position: initial; background-size: initial; background-repeat: initial; background-attachment: initial; background-origin: initial; background-clip: initial; text-align: center;\" align=\"center\"><span style=\"font-size: 10.5pt; font-family: Helvetica, sans-serif; color: #333333;\">MSc. Anayvi&nbsp;<\/span>S\u00e1nchez Quintana<\/p>\n<p style=\"margin: 0cm 0cm 0.0001pt; color: #000000; background-image: initial; background-position: initial; background-size: initial; background-repeat: initial; background-attachment: initial; background-origin: initial; background-clip: initial; text-align: center;\" align=\"center\"><a href=\"mailto:asquintana@ucf.edu.cu\">asquintana@ucf.edu.cu<\/a><\/p>\t\t\t\t\t\t\t\t<\/div>\n\t\t\t\t<\/div>\n\t\t\t\t<div class=\"elementor-element elementor-element-7919474 elementor-widget elementor-widget-text-editor\" data-id=\"7919474\" data-element_type=\"widget\" data-e-type=\"widget\" data-widget_type=\"text-editor.default\">\n\t\t\t\t<div class=\"elementor-widget-container\">\n\t\t\t\t\t\t\t\t\t<p style=\"margin: 0cm 0cm 0.0001pt; color: #000000; background-image: initial; background-position: initial; background-size: initial; background-repeat: initial; background-attachment: initial; background-origin: initial; background-clip: initial; text-align: center;\" align=\"center\"><img loading=\"lazy\" decoding=\"async\" class=\"alignnone wp-image-6382\" src=\"https:\/\/intranet.ucf.edu.cu\/wp-content\/uploads\/2020\/10\/Juridica-300x300.png\" alt=\"\" width=\"95\" height=\"95\" \/><strong><span style=\"font-size: 10.5pt; font-family: Helvetica, sans-serif; color: #333333;\"><br \/><\/span><\/strong><\/p><p style=\"margin: 0cm 0cm 0.0001pt; color: #000000; background-image: initial; background-position: initial; background-size: initial; background-repeat: initial; background-attachment: initial; background-origin: initial; background-clip: initial; text-align: center;\" align=\"center\"><strong><span style=\"font-size: 10.5pt; font-family: Helvetica, sans-serif; color: #333333;\">Jefe Departamento Jur\u00eddico<\/span><\/strong><span style=\"font-size: 10.5pt; font-family: Helvetica, sans-serif; color: #333333;\"><br \/><\/span><\/p><p style=\"margin: 0cm 0cm 0.0001pt; color: #000000; background-image: initial; background-position: initial; background-size: initial; background-repeat: initial; background-attachment: initial; background-origin: initial; background-clip: initial; text-align: center;\" align=\"center\"><span style=\"font-size: 10.5pt; font-family: Helvetica, sans-serif; color: #333333;\">Lic. Iraida\u00a0<\/span>L\u00f3pez S\u00e1nchez<\/p><p style=\"margin: 0cm 0cm 0.0001pt; color: #000000; background-image: initial; background-position: initial; background-size: initial; background-repeat: initial; background-attachment: initial; background-origin: initial; background-clip: initial; text-align: center;\" align=\"center\"><span style=\"font-size: 10.5pt; font-family: Helvetica, sans-serif; color: #333333;\">\u00a0<\/span><a href=\"mailto:ilsanchez@ucf.edu.cu\">ilsanchez@ucf.edu.cu<\/a><\/p>\t\t\t\t\t\t\t\t<\/div>\n\t\t\t\t<\/div>\n\t\t\t\t<div class=\"elementor-element elementor-element-8bcd266 elementor-widget elementor-widget-text-editor\" data-id=\"8bcd266\" data-element_type=\"widget\" data-e-type=\"widget\" data-widget_type=\"text-editor.default\">\n\t\t\t\t<div class=\"elementor-widget-container\">\n\t\t\t\t\t\t\t\t\t<p style=\"margin: 0cm 0cm 0.0001pt; text-align: center; background-image: initial; background-position: initial; background-size: initial; background-repeat: initial; background-attachment: initial; background-origin: initial; background-clip: initial;\" align=\"center\"><img loading=\"lazy\" decoding=\"async\" class=\"alignnone wp-image-25520\" src=\"https:\/\/www.ucf.edu.cu\/wp-content\/uploads\/2026\/04\/Imagen1-298x300.png\" alt=\"\" width=\"95\" height=\"96\" srcset=\"https:\/\/www.ucf.edu.cu\/wp-content\/uploads\/2026\/04\/Imagen1-298x300.png 298w, https:\/\/www.ucf.edu.cu\/wp-content\/uploads\/2026\/04\/Imagen1-150x150.png 150w, https:\/\/www.ucf.edu.cu\/wp-content\/uploads\/2026\/04\/Imagen1.png 654w\" sizes=\"(max-width: 95px) 100vw, 95px\" \/><\/p><p style=\"margin: 0cm 0cm 0.0001pt; text-align: center; background-image: initial; background-position: initial; background-size: initial; background-repeat: initial; background-attachment: initial; background-origin: initial; background-clip: initial;\" align=\"center\"><strong>Director Comunicaci\u00f3n Institucional<\/strong><br \/><a href=\"mailto:info@ucf.edu.cu\">info@ucf.edu.cu<\/a><\/p>\t\t\t\t\t\t\t\t<\/div>\n\t\t\t\t<\/div>\n\t\t\t\t\t<\/div>\n\t\t<\/div>\n\t\t\t\t\t<\/div>\n\t\t<\/section>\n\t\t\t\t<\/div>\n\t\t","protected":false},"excerpt":{"rendered":"<p>Vicerrector Dr. C. Eduardo P\u00e9rez Novo eperez@ucf.edu.cu Director General MSc. Ivis Suar\u00e9z V\u00e9lezs ivelez@ucf.edu.cu Secretario General Dr. C. Gladys E. Capote Le\u00f3n gcapote@ucf.edu.cu Director de Formaci\u00f3n Dr. C. Aim\u00e9 Tania Ramos Reyes<a class=\"moretag\" href=\"https:\/\/www.ucf.edu.cu\/?page_id=383\">Leer m\u00e1s&#8230;<\/a><\/p>\n","protected":false},"author":1,"featured_media":0,"parent":0,"menu_order":0,"comment_status":"closed","ping_status":"closed","template":"","meta":{"footnotes":""},"class_list":["post-383","page","type-page","status-publish","hentry"],"yoast_head":"<!-- This site is optimized with the Yoast SEO plugin v27.4 - https:\/\/yoast.com\/product\/yoast-seo-wordpress\/ -->\n<title>Consejo direcci\u00f3n | Universidad de Cienfuegos<\/title>\n<meta name=\"robots\" content=\"index, follow, max-snippet:-1, max-image-preview:large, max-video-preview:-1\" \/>\n<link rel=\"canonical\" href=\"https:\/\/www.ucf.edu.cu\/?page_id=383\" \/>\n<meta property=\"og:locale\" content=\"es_ES\" \/>\n<meta property=\"og:type\" content=\"article\" \/>\n<meta property=\"og:title\" content=\"Consejo direcci\u00f3n | Universidad de Cienfuegos\" \/>\n<meta property=\"og:description\" content=\"Vicerrector Dr. C. Eduardo P\u00e9rez Novo eperez@ucf.edu.cu Director General MSc. Ivis Suar\u00e9z V\u00e9lezs ivelez@ucf.edu.cu Secretario General Dr. C. Gladys E. Capote Le\u00f3n gcapote@ucf.edu.cu Director de Formaci\u00f3n Dr. C. Aim\u00e9 Tania Ramos ReyesLeer m\u00e1s...\" \/>\n<meta property=\"og:url\" content=\"https:\/\/www.ucf.edu.cu\/?page_id=383\" \/>\n<meta property=\"og:site_name\" content=\"Universidad de Cienfuegos\" \/>\n<meta property=\"article:publisher\" content=\"https:\/\/www.facebook.com\/ucfgos\/\" \/>\n<meta property=\"article:modified_time\" content=\"2026-04-06T18:51:49+00:00\" \/>\n<meta property=\"og:image\" content=\"https:\/\/intranet.ucf.edu.cu\/wp-content\/uploads\/2023\/03\/Consejo-cientifico-14-300x300.png\" \/>\n<meta name=\"twitter:card\" content=\"summary_large_image\" \/>\n<meta name=\"twitter:site\" content=\"@ucfgos\" \/>\n<meta name=\"twitter:label1\" content=\"Tiempo de lectura\" \/>\n\t<meta name=\"twitter:data1\" content=\"9 minutos\" \/>\n<script type=\"application\/ld+json\" class=\"yoast-schema-graph\">{\"@context\":\"https:\\\/\\\/schema.org\",\"@graph\":[{\"@type\":\"WebPage\",\"@id\":\"https:\\\/\\\/www.ucf.edu.cu\\\/?page_id=383\",\"url\":\"https:\\\/\\\/www.ucf.edu.cu\\\/?page_id=383\",\"name\":\"Consejo direcci\u00f3n | Universidad de Cienfuegos\",\"isPartOf\":{\"@id\":\"https:\\\/\\\/www.ucf.edu.cu\\\/#website\"},\"primaryImageOfPage\":{\"@id\":\"https:\\\/\\\/www.ucf.edu.cu\\\/?page_id=383#primaryimage\"},\"image\":{\"@id\":\"https:\\\/\\\/www.ucf.edu.cu\\\/?page_id=383#primaryimage\"},\"thumbnailUrl\":\"https:\\\/\\\/intranet.ucf.edu.cu\\\/wp-content\\\/uploads\\\/2023\\\/03\\\/Consejo-cientifico-14-300x300.png\",\"datePublished\":\"2019-02-14T19:04:16+00:00\",\"dateModified\":\"2026-04-06T18:51:49+00:00\",\"breadcrumb\":{\"@id\":\"https:\\\/\\\/www.ucf.edu.cu\\\/?page_id=383#breadcrumb\"},\"inLanguage\":\"es\",\"potentialAction\":[{\"@type\":\"ReadAction\",\"target\":[\"https:\\\/\\\/www.ucf.edu.cu\\\/?page_id=383\"]}]},{\"@type\":\"ImageObject\",\"inLanguage\":\"es\",\"@id\":\"https:\\\/\\\/www.ucf.edu.cu\\\/?page_id=383#primaryimage\",\"url\":\"https:\\\/\\\/intranet.ucf.edu.cu\\\/wp-content\\\/uploads\\\/2023\\\/03\\\/Consejo-cientifico-14-300x300.png\",\"contentUrl\":\"https:\\\/\\\/intranet.ucf.edu.cu\\\/wp-content\\\/uploads\\\/2023\\\/03\\\/Consejo-cientifico-14-300x300.png\"},{\"@type\":\"BreadcrumbList\",\"@id\":\"https:\\\/\\\/www.ucf.edu.cu\\\/?page_id=383#breadcrumb\",\"itemListElement\":[{\"@type\":\"ListItem\",\"position\":1,\"name\":\"Portada\",\"item\":\"https:\\\/\\\/www.ucf.edu.cu\\\/\"},{\"@type\":\"ListItem\",\"position\":2,\"name\":\"Consejo de Direcci\u00f3n\"}]},{\"@type\":\"WebSite\",\"@id\":\"https:\\\/\\\/www.ucf.edu.cu\\\/#website\",\"url\":\"https:\\\/\\\/www.ucf.edu.cu\\\/\",\"name\":\"Universidad de Cienfuegos\",\"description\":\"Portal Web Universidad de Cienfuegos\",\"publisher\":{\"@id\":\"https:\\\/\\\/www.ucf.edu.cu\\\/#organization\"},\"alternateName\":\"Portal institucional de la UCf\",\"potentialAction\":[{\"@type\":\"SearchAction\",\"target\":{\"@type\":\"EntryPoint\",\"urlTemplate\":\"https:\\\/\\\/www.ucf.edu.cu\\\/?s={search_term_string}\"},\"query-input\":{\"@type\":\"PropertyValueSpecification\",\"valueRequired\":true,\"valueName\":\"search_term_string\"}}],\"inLanguage\":\"es\"},{\"@type\":\"Organization\",\"@id\":\"https:\\\/\\\/www.ucf.edu.cu\\\/#organization\",\"name\":\"Universidad de Cienfuegos\",\"url\":\"https:\\\/\\\/www.ucf.edu.cu\\\/\",\"logo\":{\"@type\":\"ImageObject\",\"inLanguage\":\"es\",\"@id\":\"https:\\\/\\\/www.ucf.edu.cu\\\/#\\\/schema\\\/logo\\\/image\\\/\",\"url\":\"https:\\\/\\\/www.ucf.edu.cu\\\/wp-content\\\/uploads\\\/2020\\\/11\\\/fe77b047cf65bbf66915926fa3c00c93_L.jpg\",\"contentUrl\":\"https:\\\/\\\/www.ucf.edu.cu\\\/wp-content\\\/uploads\\\/2020\\\/11\\\/fe77b047cf65bbf66915926fa3c00c93_L.jpg\",\"width\":1000,\"height\":763,\"caption\":\"Universidad de Cienfuegos\"},\"image\":{\"@id\":\"https:\\\/\\\/www.ucf.edu.cu\\\/#\\\/schema\\\/logo\\\/image\\\/\"},\"sameAs\":[\"https:\\\/\\\/www.facebook.com\\\/ucfgos\\\/\",\"https:\\\/\\\/x.com\\\/ucfgos\",\"https:\\\/\\\/www.instagram.com\\\/ucfgos\",\"https:\\\/\\\/www.youtube.com\\\/channel\\\/UCymAZYZHmPzh48cHLG6Nx4A\"]}]}<\/script>\n<!-- \/ Yoast SEO plugin. -->","yoast_head_json":{"title":"Consejo direcci\u00f3n | Universidad de Cienfuegos","robots":{"index":"index","follow":"follow","max-snippet":"max-snippet:-1","max-image-preview":"max-image-preview:large","max-video-preview":"max-video-preview:-1"},"canonical":"https:\/\/www.ucf.edu.cu\/?page_id=383","og_locale":"es_ES","og_type":"article","og_title":"Consejo direcci\u00f3n | Universidad de Cienfuegos","og_description":"Vicerrector Dr. C. Eduardo P\u00e9rez Novo eperez@ucf.edu.cu Director General MSc. Ivis Suar\u00e9z V\u00e9lezs ivelez@ucf.edu.cu Secretario General Dr. C. Gladys E. Capote Le\u00f3n gcapote@ucf.edu.cu Director de Formaci\u00f3n Dr. C. Aim\u00e9 Tania Ramos ReyesLeer m\u00e1s...","og_url":"https:\/\/www.ucf.edu.cu\/?page_id=383","og_site_name":"Universidad de Cienfuegos","article_publisher":"https:\/\/www.facebook.com\/ucfgos\/","article_modified_time":"2026-04-06T18:51:49+00:00","og_image":[{"url":"https:\/\/intranet.ucf.edu.cu\/wp-content\/uploads\/2023\/03\/Consejo-cientifico-14-300x300.png","type":"","width":"","height":""}],"twitter_card":"summary_large_image","twitter_site":"@ucfgos","twitter_misc":{"Tiempo de lectura":"9 minutos"},"schema":{"@context":"https:\/\/schema.org","@graph":[{"@type":"WebPage","@id":"https:\/\/www.ucf.edu.cu\/?page_id=383","url":"https:\/\/www.ucf.edu.cu\/?page_id=383","name":"Consejo direcci\u00f3n | Universidad de Cienfuegos","isPartOf":{"@id":"https:\/\/www.ucf.edu.cu\/#website"},"primaryImageOfPage":{"@id":"https:\/\/www.ucf.edu.cu\/?page_id=383#primaryimage"},"image":{"@id":"https:\/\/www.ucf.edu.cu\/?page_id=383#primaryimage"},"thumbnailUrl":"https:\/\/intranet.ucf.edu.cu\/wp-content\/uploads\/2023\/03\/Consejo-cientifico-14-300x300.png","datePublished":"2019-02-14T19:04:16+00:00","dateModified":"2026-04-06T18:51:49+00:00","breadcrumb":{"@id":"https:\/\/www.ucf.edu.cu\/?page_id=383#breadcrumb"},"inLanguage":"es","potentialAction":[{"@type":"ReadAction","target":["https:\/\/www.ucf.edu.cu\/?page_id=383"]}]},{"@type":"ImageObject","inLanguage":"es","@id":"https:\/\/www.ucf.edu.cu\/?page_id=383#primaryimage","url":"https:\/\/intranet.ucf.edu.cu\/wp-content\/uploads\/2023\/03\/Consejo-cientifico-14-300x300.png","contentUrl":"https:\/\/intranet.ucf.edu.cu\/wp-content\/uploads\/2023\/03\/Consejo-cientifico-14-300x300.png"},{"@type":"BreadcrumbList","@id":"https:\/\/www.ucf.edu.cu\/?page_id=383#breadcrumb","itemListElement":[{"@type":"ListItem","position":1,"name":"Portada","item":"https:\/\/www.ucf.edu.cu\/"},{"@type":"ListItem","position":2,"name":"Consejo de Direcci\u00f3n"}]},{"@type":"WebSite","@id":"https:\/\/www.ucf.edu.cu\/#website","url":"https:\/\/www.ucf.edu.cu\/","name":"Universidad de Cienfuegos","description":"Portal Web Universidad de Cienfuegos","publisher":{"@id":"https:\/\/www.ucf.edu.cu\/#organization"},"alternateName":"Portal institucional de la UCf","potentialAction":[{"@type":"SearchAction","target":{"@type":"EntryPoint","urlTemplate":"https:\/\/www.ucf.edu.cu\/?s={search_term_string}"},"query-input":{"@type":"PropertyValueSpecification","valueRequired":true,"valueName":"search_term_string"}}],"inLanguage":"es"},{"@type":"Organization","@id":"https:\/\/www.ucf.edu.cu\/#organization","name":"Universidad de Cienfuegos","url":"https:\/\/www.ucf.edu.cu\/","logo":{"@type":"ImageObject","inLanguage":"es","@id":"https:\/\/www.ucf.edu.cu\/#\/schema\/logo\/image\/","url":"https:\/\/www.ucf.edu.cu\/wp-content\/uploads\/2020\/11\/fe77b047cf65bbf66915926fa3c00c93_L.jpg","contentUrl":"https:\/\/www.ucf.edu.cu\/wp-content\/uploads\/2020\/11\/fe77b047cf65bbf66915926fa3c00c93_L.jpg","width":1000,"height":763,"caption":"Universidad de Cienfuegos"},"image":{"@id":"https:\/\/www.ucf.edu.cu\/#\/schema\/logo\/image\/"},"sameAs":["https:\/\/www.facebook.com\/ucfgos\/","https:\/\/x.com\/ucfgos","https:\/\/www.instagram.com\/ucfgos","https:\/\/www.youtube.com\/channel\/UCymAZYZHmPzh48cHLG6Nx4A"]}]}},"_links":{"self":[{"href":"https:\/\/www.ucf.edu.cu\/index.php?rest_route=\/wp\/v2\/pages\/383","targetHints":{"allow":["GET"]}}],"collection":[{"href":"https:\/\/www.ucf.edu.cu\/index.php?rest_route=\/wp\/v2\/pages"}],"about":[{"href":"https:\/\/www.ucf.edu.cu\/index.php?rest_route=\/wp\/v2\/types\/page"}],"author":[{"embeddable":true,"href":"https:\/\/www.ucf.edu.cu\/index.php?rest_route=\/wp\/v2\/users\/1"}],"replies":[{"embeddable":true,"href":"https:\/\/www.ucf.edu.cu\/index.php?rest_route=%2Fwp%2Fv2%2Fcomments&post=383"}],"version-history":[{"count":450,"href":"https:\/\/www.ucf.edu.cu\/index.php?rest_route=\/wp\/v2\/pages\/383\/revisions"}],"predecessor-version":[{"id":25531,"href":"https:\/\/www.ucf.edu.cu\/index.php?rest_route=\/wp\/v2\/pages\/383\/revisions\/25531"}],"wp:attachment":[{"href":"https:\/\/www.ucf.edu.cu\/index.php?rest_route=%2Fwp%2Fv2%2Fmedia&parent=383"}],"curies":[{"name":"wp","href":"https:\/\/api.w.org\/{rel}","templated":true}]}}